{"id":389,"date":"2014-03-21T14:57:02","date_gmt":"2014-03-21T14:57:02","guid":{"rendered":"https:\/\/voletsbleuslorraine.fr\/?page_id=389"},"modified":"2021-06-27T16:55:18","modified_gmt":"2021-06-27T16:55:18","slug":"le-gr-5","status":"publish","type":"page","link":"https:\/\/voletsbleuslorraine.fr\/?page_id=389","title":{"rendered":"Le GR 5"},"content":{"rendered":"<p>Le <b><a title=\"Sentier de grande randonn\u00e9e\" href=\"\/wiki\/Sentier_de_grande_randonn%C3%A9e\">sentier de grande randonn\u00e9e<\/a> 5<\/b> (<b>GR 5<\/b>) part de la <a title=\"Mer du Nord\" href=\"\/wiki\/Mer_du_Nord\">mer du Nord<\/a> (<a title=\"Hoek van Holland\" href=\"\/wiki\/Hoek_van_Holland\">Hoek van Holland<\/a>) pour rejoindre la <a title=\"Mer M\u00e9diterran\u00e9e\" href=\"\/wiki\/Mer_M%C3%A9diterran%C3%A9e\">mer M\u00e9diterran\u00e9e<\/a> \u00e0 <a title=\"Nice\" href=\"\/wiki\/Nice\">Nice<\/a> en <a title=\"France\" href=\"\/wiki\/France\">France<\/a>, totalisant 2 600 kilom\u00e8tres de distance.<\/p>\n<p>Il passe aux <a title=\"Pays-Bas\" href=\"\/wiki\/Pays-Bas\">Pays-Bas<\/a>, en <a title=\"Belgique\" href=\"\/wiki\/Belgique\">Belgique<\/a>, au <a title=\"Luxembourg (pays)\" href=\"\/wiki\/Luxembourg_(pays)\">Luxembourg<\/a>, en France o\u00f9 il traverse les <a title=\"Massif des Vosges\" href=\"\/wiki\/Massif_des_Vosges\">Vosges<\/a> et le <a title=\"Massif du Jura\" href=\"\/wiki\/Massif_du_Jura\">Jura<\/a>, en <a title=\"Suisse\" href=\"\/wiki\/Suisse\">Suisse<\/a> o\u00f9 il poursuit sa travers\u00e9e du Jura jusqu&rsquo;au <a title=\"Lac L\u00e9man\" href=\"\/wiki\/Lac_L%C3%A9man\">lac L\u00e9man<\/a> puis \u00e0 nouveau en France pour la travers\u00e9e nord-sud des <a title=\"Alpes\" href=\"\/wiki\/Alpes\">Alpes<\/a> fran\u00e7aises du L\u00e9man \u00e0 la M\u00e9diterran\u00e9e.<\/p>\n<p>Il passe par <a title=\"Metz\" href=\"\/wiki\/Metz\">Metz<\/a> et <a title=\"Liverdun\" href=\"\/wiki\/Liverdun\">Liverdun<\/a> (<a title=\"Nancy\" href=\"\/wiki\/Nancy\">Nancy<\/a>) puis traverse les Vosges du nord au sud jusqu\u2019\u00e0 <a title=\"Belfort\" href=\"\/wiki\/Belfort\">Belfort<\/a>.<\/p>\n<p><span style=\"color: #ff0000;\"><strong><span style=\"text-decoration: underline;\"><span style=\"text-decoration: underline;\">Autour de nos chambres d&rsquo;h\u00f4tes il existe diverses tron\u00e7ons<\/span><\/span><\/strong><\/span>:<\/p>\n<p>De Custines \u00e0 Blanzey\/ De Blanzey \u00e0 Amance\/ D&rsquo;Amance \u00e0 \u00a0Brin sur Seille\/ De Brin sur Seille \u00e0 Vic sur Seille<\/p>\n<p><a href=\"https:\/\/voletsbleuslorraine.fr\/wp-content\/uploads\/2014\/03\/Composition1.jpg\"><img loading=\"lazy\" decoding=\"async\" class=\"alignnone size-medium wp-image-394\" alt=\"Composition1\" src=\"https:\/\/voletsbleuslorraine.fr\/wp-content\/uploads\/2014\/03\/Composition1-300x212.jpg\" width=\"300\" height=\"212\" srcset=\"https:\/\/voletsbleuslorraine.fr\/wp-content\/uploads\/2014\/03\/Composition1-300x212.jpg 300w, https:\/\/voletsbleuslorraine.fr\/wp-content\/uploads\/2014\/03\/Composition1.jpg 1754w\" sizes=\"auto, (max-width: 300px) 100vw, 300px\" \/><\/a><\/p>\n<p>\u200e<\/p>\n<div><\/div>\n<p>&nbsp;<\/p>\n<p>&nbsp;<\/p>\n","protected":false},"excerpt":{"rendered":"<p>Le sentier de grande randonn\u00e9e 5 (GR 5) part de la mer du Nord (Hoek van Holland) pour rejoindre la mer M\u00e9diterran\u00e9e \u00e0 Nice en France, totalisant 2 600 kilom\u00e8tres de distance. Il passe aux Pays-Bas, en Belgique, au Luxembourg, &hellip; <a href=\"https:\/\/voletsbleuslorraine.fr\/?page_id=389\">Continuer la lecture <span class=\"meta-nav\">&rarr;<\/span><\/a><\/p>\n","protected":false},"author":1,"featured_media":0,"parent":0,"menu_order":0,"comment_status":"open","ping_status":"open","template":"","meta":{"footnotes":""},"class_list":["post-389","page","type-page","status-publish","hentry"],"_links":{"self":[{"href":"https:\/\/voletsbleuslorraine.fr\/index.php?rest_route=\/wp\/v2\/pages\/389","targetHints":{"allow":["GET"]}}],"collection":[{"href":"https:\/\/voletsbleuslorraine.fr\/index.php?rest_route=\/wp\/v2\/pages"}],"about":[{"href":"https:\/\/voletsbleuslorraine.fr\/index.php?rest_route=\/wp\/v2\/types\/page"}],"author":[{"embeddable":true,"href":"https:\/\/voletsbleuslorraine.fr\/index.php?rest_route=\/wp\/v2\/users\/1"}],"replies":[{"embeddable":true,"href":"https:\/\/voletsbleuslorraine.fr\/index.php?rest_route=%2Fwp%2Fv2%2Fcomments&post=389"}],"version-history":[{"count":8,"href":"https:\/\/voletsbleuslorraine.fr\/index.php?rest_route=\/wp\/v2\/pages\/389\/revisions"}],"predecessor-version":[{"id":400,"href":"https:\/\/voletsbleuslorraine.fr\/index.php?rest_route=\/wp\/v2\/pages\/389\/revisions\/400"}],"wp:attachment":[{"href":"https:\/\/voletsbleuslorraine.fr\/index.php?rest_route=%2Fwp%2Fv2%2Fmedia&parent=389"}],"curies":[{"name":"wp","href":"https:\/\/api.w.org\/{rel}","templated":true}]}}